{"id":74628,"date":"2023-09-20T10:00:00","date_gmt":"2023-09-20T14:00:00","guid":{"rendered":"https:\/\/ville.ddo.qc.ca\/?post_type=evenements&#038;p=74628"},"modified":"2023-09-19T10:44:18","modified_gmt":"2023-09-19T14:44:18","slug":"bibliotheque-vivante-ne-moubliez-pas-la-maladie-dalzheimer-et-les-ressources-disponibles","status":"publish","type":"evenements","link":"https:\/\/ville.ddo.qc.ca\/en\/events\/bibliotheque-vivante-ne-moubliez-pas-la-maladie-dalzheimer-et-les-ressources-disponibles\/","title":{"rendered":"Living Library &#8211; Forget Me Not: Alzheimer\u2019s Disease and Available Resources"},"content":{"rendered":"\n<p>Along with Jessika Cecchini and \u00c9lo\u00efse Millet from the Alzheimer Society of Montr\u00e9al.<\/p>\n\n\n\n<p>Join us to learn more about neurocognitive disorders, caregiving and services offered by the Alzheimer Society.<\/p>\n\n\n\n<p>Wednesday, December 6 at 7 p.m.<\/p>\n\n\n\n<p>Bilingual.<\/p>\n\n\n\n<p>Registration on Eventbrite.ca through the\u00a0<strong><a href=\"http:\/\/registration%20on%20eventbrite.xn--ca%20through%20the%20librarys%20website-d74w.\/\">library\u2019s website.<\/a><\/strong><\/p>\n\n\n\n<figure class=\"wp-block-image size-full is-resized\"><img fetchpriority=\"high\" decoding=\"async\" src=\"https:\/\/ville.ddo.qc.ca\/wp-content\/uploads\/2023\/09\/bibliotheque_vivante_millet_web.jpg\" alt=\"\" class=\"wp-image-74624\" width=\"669\" height=\"445\" srcset=\"https:\/\/ville.ddo.qc.ca\/wp-content\/uploads\/2023\/09\/bibliotheque_vivante_millet_web.jpg 1000w, https:\/\/ville.ddo.qc.ca\/wp-content\/uploads\/2023\/09\/bibliotheque_vivante_millet_web-300x200.jpg 300w, https:\/\/ville.ddo.qc.ca\/wp-content\/uploads\/2023\/09\/bibliotheque_vivante_millet_web-768x511.jpg 768w, https:\/\/ville.ddo.qc.ca\/wp-content\/uploads\/2023\/09\/bibliotheque_vivante_millet_web-150x100.jpg 150w\" sizes=\"(max-width: 669px) 100vw, 669px\" \/><\/figure>\n","protected":false},"excerpt":{"rendered":"<p>Along with Jessika Cecchini and \u00c9lo\u00efse Millet from the Alzheimer Society of Montr\u00e9al. Join us to learn more about neurocognitive disorders, caregiving and services offered by the Alzheimer Society. Wednesday, December 6 at 7 p.m. Bilingual. Registration on Eventbrite.ca through the\u00a0library\u2019s website.<\/p>\n","protected":false},"author":29,"featured_media":74625,"template":"","categories-devenements":[776,384],"class_list":["post-74628","evenements","type-evenements","status-publish","has-post-thumbnail","hentry","categories-devenements-bibliotheque-en","categories-devenements-library"],"acf":[],"yoast_head":"<!-- This site is optimized with the Yoast SEO plugin v27.4 - https:\/\/yoast.com\/product\/yoast-seo-wordpress\/ -->\n<title>Ville de Dollard-des-Ormeaux<\/title>\n<meta name=\"description\" content=\"Apprenez en plus sur Living Library - Forget Me Not: Alzheimer\u2019s Disease and Available Resources \u00e0 la Ville de Dollard-des-Ormeaux\" \/>\n<meta name=\"robots\" content=\"index, follow, max-snippet:-1, max-image-preview:large, max-video-preview:-1\" \/>\n<link rel=\"canonical\" href=\"https:\/\/ville.ddo.qc.ca\/events\/bibliotheque-vivante-ne-moubliez-pas-la-maladie-dalzheimer-et-les-ressources-disponibles\/\" \/>\n<meta property=\"og:locale\" content=\"en_US\" \/>\n<meta property=\"og:type\" content=\"article\" \/>\n<meta property=\"og:title\" content=\"Living Library - Forget Me Not: Alzheimer\u2019s Disease and Available Resources - Ville de Dollard-des-Ormeaux\" \/>\n<meta property=\"og:description\" content=\"Apprenez en plus sur Living Library - Forget Me Not: Alzheimer\u2019s Disease and Available Resources \u00e0 la Ville de Dollard-des-Ormeaux\" \/>\n<meta property=\"og:url\" content=\"https:\/\/ville.ddo.qc.ca\/events\/bibliotheque-vivante-ne-moubliez-pas-la-maladie-dalzheimer-et-les-ressources-disponibles\/\" \/>\n<meta property=\"og:site_name\" content=\"Ville de Dollard-des-Ormeaux\" \/>\n<meta property=\"article:publisher\" content=\"https:\/\/www.facebook.com\/DDOville\" \/>\n<meta property=\"og:image\" content=\"https:\/\/ville.ddo.qc.ca\/wp-content\/uploads\/2023\/09\/bibliotheque_vivante_millet_web.jpg\" \/>\n\t<meta property=\"og:image:width\" content=\"1000\" \/>\n\t<meta property=\"og:image:height\" content=\"666\" \/>\n\t<meta property=\"og:image:type\" content=\"image\/jpeg\" \/>\n<meta name=\"twitter:card\" content=\"summary_large_image\" \/>\n<meta name=\"twitter:label1\" content=\"Est. reading time\" \/>\n\t<meta name=\"twitter:data1\" content=\"1 minute\" \/>\n<script type=\"application\/ld+json\" class=\"yoast-schema-graph\">{\"@context\":\"https:\\\/\\\/schema.org\",\"@graph\":[{\"@type\":\"WebPage\",\"@id\":\"https:\\\/\\\/ville.ddo.qc.ca\\\/events\\\/bibliotheque-vivante-ne-moubliez-pas-la-maladie-dalzheimer-et-les-ressources-disponibles\\\/\",\"url\":\"https:\\\/\\\/ville.ddo.qc.ca\\\/events\\\/bibliotheque-vivante-ne-moubliez-pas-la-maladie-dalzheimer-et-les-ressources-disponibles\\\/\",\"name\":\"Living Library - Forget Me Not: Alzheimer\u2019s Disease and Available Resources - Ville de Dollard-des-Ormeaux\",\"isPartOf\":{\"@id\":\"https:\\\/\\\/ville.ddo.qc.ca\\\/en\\\/#website\"},\"primaryImageOfPage\":{\"@id\":\"https:\\\/\\\/ville.ddo.qc.ca\\\/events\\\/bibliotheque-vivante-ne-moubliez-pas-la-maladie-dalzheimer-et-les-ressources-disponibles\\\/#primaryimage\"},\"image\":{\"@id\":\"https:\\\/\\\/ville.ddo.qc.ca\\\/events\\\/bibliotheque-vivante-ne-moubliez-pas-la-maladie-dalzheimer-et-les-ressources-disponibles\\\/#primaryimage\"},\"thumbnailUrl\":\"https:\\\/\\\/ville.ddo.qc.ca\\\/wp-content\\\/uploads\\\/2023\\\/09\\\/bibliotheque_vivante_millet_web.jpg\",\"datePublished\":\"2023-09-20T14:00:00+00:00\",\"description\":\"Apprenez en plus sur Living Library - Forget Me Not: Alzheimer\u2019s Disease and Available Resources \u00e0 la Ville de Dollard-des-Ormeaux\",\"breadcrumb\":{\"@id\":\"https:\\\/\\\/ville.ddo.qc.ca\\\/events\\\/bibliotheque-vivante-ne-moubliez-pas-la-maladie-dalzheimer-et-les-ressources-disponibles\\\/#breadcrumb\"},\"inLanguage\":\"en-CA\",\"potentialAction\":[{\"@type\":\"ReadAction\",\"target\":[\"https:\\\/\\\/ville.ddo.qc.ca\\\/events\\\/bibliotheque-vivante-ne-moubliez-pas-la-maladie-dalzheimer-et-les-ressources-disponibles\\\/\"]}]},{\"@type\":\"ImageObject\",\"inLanguage\":\"en-CA\",\"@id\":\"https:\\\/\\\/ville.ddo.qc.ca\\\/events\\\/bibliotheque-vivante-ne-moubliez-pas-la-maladie-dalzheimer-et-les-ressources-disponibles\\\/#primaryimage\",\"url\":\"https:\\\/\\\/ville.ddo.qc.ca\\\/wp-content\\\/uploads\\\/2023\\\/09\\\/bibliotheque_vivante_millet_web.jpg\",\"contentUrl\":\"https:\\\/\\\/ville.ddo.qc.ca\\\/wp-content\\\/uploads\\\/2023\\\/09\\\/bibliotheque_vivante_millet_web.jpg\",\"width\":1000,\"height\":666,\"caption\":\"Closeup of a support hands\"},{\"@type\":\"BreadcrumbList\",\"@id\":\"https:\\\/\\\/ville.ddo.qc.ca\\\/events\\\/bibliotheque-vivante-ne-moubliez-pas-la-maladie-dalzheimer-et-les-ressources-disponibles\\\/#breadcrumb\",\"itemListElement\":[{\"@type\":\"ListItem\",\"position\":1,\"name\":\"Home\",\"item\":\"https:\\\/\\\/ville.ddo.qc.ca\\\/\"},{\"@type\":\"ListItem\",\"position\":2,\"name\":\"\u00c9v\u00e9nements\",\"item\":\"https:\\\/\\\/ville.ddo.qc.ca\\\/evenements\\\/\"},{\"@type\":\"ListItem\",\"position\":3,\"name\":\"Living Library &#8211; Forget Me Not: Alzheimer\u2019s Disease and Available Resources\"}]},{\"@type\":\"WebSite\",\"@id\":\"https:\\\/\\\/ville.ddo.qc.ca\\\/en\\\/#website\",\"url\":\"https:\\\/\\\/ville.ddo.qc.ca\\\/en\\\/\",\"name\":\"Ville de Dollard-des-Ormeaux\",\"description\":\"\",\"publisher\":{\"@id\":\"https:\\\/\\\/ville.ddo.qc.ca\\\/en\\\/#organization\"},\"potentialAction\":[{\"@type\":\"SearchAction\",\"target\":{\"@type\":\"EntryPoint\",\"urlTemplate\":\"https:\\\/\\\/ville.ddo.qc.ca\\\/en\\\/?s={search_term_string}\"},\"query-input\":{\"@type\":\"PropertyValueSpecification\",\"valueRequired\":true,\"valueName\":\"search_term_string\"}}],\"inLanguage\":\"en-CA\"},{\"@type\":\"Organization\",\"@id\":\"https:\\\/\\\/ville.ddo.qc.ca\\\/en\\\/#organization\",\"name\":\"Dollard-des-Ormeaux\",\"url\":\"https:\\\/\\\/ville.ddo.qc.ca\\\/en\\\/\",\"logo\":{\"@type\":\"ImageObject\",\"inLanguage\":\"en-CA\",\"@id\":\"https:\\\/\\\/ville.ddo.qc.ca\\\/en\\\/#\\\/schema\\\/logo\\\/image\\\/\",\"url\":\"https:\\\/\\\/ville.ddo.qc.ca\\\/wp-content\\\/uploads\\\/2021\\\/03\\\/Logo-DDO-bleu3-02-02-1.svg\",\"contentUrl\":\"https:\\\/\\\/ville.ddo.qc.ca\\\/wp-content\\\/uploads\\\/2021\\\/03\\\/Logo-DDO-bleu3-02-02-1.svg\",\"width\":228,\"height\":95,\"caption\":\"Dollard-des-Ormeaux\"},\"image\":{\"@id\":\"https:\\\/\\\/ville.ddo.qc.ca\\\/en\\\/#\\\/schema\\\/logo\\\/image\\\/\"},\"sameAs\":[\"https:\\\/\\\/www.facebook.com\\\/DDOville\"]}]}<\/script>\n<!-- \/ Yoast SEO plugin. -->","yoast_head_json":{"title":"Ville de Dollard-des-Ormeaux","description":"Apprenez en plus sur Living Library - Forget Me Not: Alzheimer\u2019s Disease and Available Resources \u00e0 la Ville de Dollard-des-Ormeaux","robots":{"index":"index","follow":"follow","max-snippet":"max-snippet:-1","max-image-preview":"max-image-preview:large","max-video-preview":"max-video-preview:-1"},"canonical":"https:\/\/ville.ddo.qc.ca\/events\/bibliotheque-vivante-ne-moubliez-pas-la-maladie-dalzheimer-et-les-ressources-disponibles\/","og_locale":"en_US","og_type":"article","og_title":"Living Library - Forget Me Not: Alzheimer\u2019s Disease and Available Resources - Ville de Dollard-des-Ormeaux","og_description":"Apprenez en plus sur Living Library - Forget Me Not: Alzheimer\u2019s Disease and Available Resources \u00e0 la Ville de Dollard-des-Ormeaux","og_url":"https:\/\/ville.ddo.qc.ca\/events\/bibliotheque-vivante-ne-moubliez-pas-la-maladie-dalzheimer-et-les-ressources-disponibles\/","og_site_name":"Ville de Dollard-des-Ormeaux","article_publisher":"https:\/\/www.facebook.com\/DDOville","og_image":[{"width":1000,"height":666,"url":"https:\/\/ville.ddo.qc.ca\/wp-content\/uploads\/2023\/09\/bibliotheque_vivante_millet_web.jpg","type":"image\/jpeg"}],"twitter_card":"summary_large_image","twitter_misc":{"Est. reading time":"1 minute"},"schema":{"@context":"https:\/\/schema.org","@graph":[{"@type":"WebPage","@id":"https:\/\/ville.ddo.qc.ca\/events\/bibliotheque-vivante-ne-moubliez-pas-la-maladie-dalzheimer-et-les-ressources-disponibles\/","url":"https:\/\/ville.ddo.qc.ca\/events\/bibliotheque-vivante-ne-moubliez-pas-la-maladie-dalzheimer-et-les-ressources-disponibles\/","name":"Living Library - Forget Me Not: Alzheimer\u2019s Disease and Available Resources - Ville de Dollard-des-Ormeaux","isPartOf":{"@id":"https:\/\/ville.ddo.qc.ca\/en\/#website"},"primaryImageOfPage":{"@id":"https:\/\/ville.ddo.qc.ca\/events\/bibliotheque-vivante-ne-moubliez-pas-la-maladie-dalzheimer-et-les-ressources-disponibles\/#primaryimage"},"image":{"@id":"https:\/\/ville.ddo.qc.ca\/events\/bibliotheque-vivante-ne-moubliez-pas-la-maladie-dalzheimer-et-les-ressources-disponibles\/#primaryimage"},"thumbnailUrl":"https:\/\/ville.ddo.qc.ca\/wp-content\/uploads\/2023\/09\/bibliotheque_vivante_millet_web.jpg","datePublished":"2023-09-20T14:00:00+00:00","description":"Apprenez en plus sur Living Library - Forget Me Not: Alzheimer\u2019s Disease and Available Resources \u00e0 la Ville de Dollard-des-Ormeaux","breadcrumb":{"@id":"https:\/\/ville.ddo.qc.ca\/events\/bibliotheque-vivante-ne-moubliez-pas-la-maladie-dalzheimer-et-les-ressources-disponibles\/#breadcrumb"},"inLanguage":"en-CA","potentialAction":[{"@type":"ReadAction","target":["https:\/\/ville.ddo.qc.ca\/events\/bibliotheque-vivante-ne-moubliez-pas-la-maladie-dalzheimer-et-les-ressources-disponibles\/"]}]},{"@type":"ImageObject","inLanguage":"en-CA","@id":"https:\/\/ville.ddo.qc.ca\/events\/bibliotheque-vivante-ne-moubliez-pas-la-maladie-dalzheimer-et-les-ressources-disponibles\/#primaryimage","url":"https:\/\/ville.ddo.qc.ca\/wp-content\/uploads\/2023\/09\/bibliotheque_vivante_millet_web.jpg","contentUrl":"https:\/\/ville.ddo.qc.ca\/wp-content\/uploads\/2023\/09\/bibliotheque_vivante_millet_web.jpg","width":1000,"height":666,"caption":"Closeup of a support hands"},{"@type":"BreadcrumbList","@id":"https:\/\/ville.ddo.qc.ca\/events\/bibliotheque-vivante-ne-moubliez-pas-la-maladie-dalzheimer-et-les-ressources-disponibles\/#breadcrumb","itemListElement":[{"@type":"ListItem","position":1,"name":"Home","item":"https:\/\/ville.ddo.qc.ca\/"},{"@type":"ListItem","position":2,"name":"\u00c9v\u00e9nements","item":"https:\/\/ville.ddo.qc.ca\/evenements\/"},{"@type":"ListItem","position":3,"name":"Living Library &#8211; Forget Me Not: Alzheimer\u2019s Disease and Available Resources"}]},{"@type":"WebSite","@id":"https:\/\/ville.ddo.qc.ca\/en\/#website","url":"https:\/\/ville.ddo.qc.ca\/en\/","name":"Ville de Dollard-des-Ormeaux","description":"","publisher":{"@id":"https:\/\/ville.ddo.qc.ca\/en\/#organization"},"potentialAction":[{"@type":"SearchAction","target":{"@type":"EntryPoint","urlTemplate":"https:\/\/ville.ddo.qc.ca\/en\/?s={search_term_string}"},"query-input":{"@type":"PropertyValueSpecification","valueRequired":true,"valueName":"search_term_string"}}],"inLanguage":"en-CA"},{"@type":"Organization","@id":"https:\/\/ville.ddo.qc.ca\/en\/#organization","name":"Dollard-des-Ormeaux","url":"https:\/\/ville.ddo.qc.ca\/en\/","logo":{"@type":"ImageObject","inLanguage":"en-CA","@id":"https:\/\/ville.ddo.qc.ca\/en\/#\/schema\/logo\/image\/","url":"https:\/\/ville.ddo.qc.ca\/wp-content\/uploads\/2021\/03\/Logo-DDO-bleu3-02-02-1.svg","contentUrl":"https:\/\/ville.ddo.qc.ca\/wp-content\/uploads\/2021\/03\/Logo-DDO-bleu3-02-02-1.svg","width":228,"height":95,"caption":"Dollard-des-Ormeaux"},"image":{"@id":"https:\/\/ville.ddo.qc.ca\/en\/#\/schema\/logo\/image\/"},"sameAs":["https:\/\/www.facebook.com\/DDOville"]}]}},"publishpress_future_action":{"enabled":false,"date":"2026-05-03 07:33:57","action":"change-status","newStatus":"draft","terms":[],"taxonomy":"categories-devenements","extraData":[]},"publishpress_future_workflow_manual_trigger":{"enabledWorkflows":[]},"_links":{"self":[{"href":"https:\/\/ville.ddo.qc.ca\/en\/wp-json\/wp\/v2\/evenements\/74628","targetHints":{"allow":["GET"]}}],"collection":[{"href":"https:\/\/ville.ddo.qc.ca\/en\/wp-json\/wp\/v2\/evenements"}],"about":[{"href":"https:\/\/ville.ddo.qc.ca\/en\/wp-json\/wp\/v2\/types\/evenements"}],"author":[{"embeddable":true,"href":"https:\/\/ville.ddo.qc.ca\/en\/wp-json\/wp\/v2\/users\/29"}],"version-history":[{"count":0,"href":"https:\/\/ville.ddo.qc.ca\/en\/wp-json\/wp\/v2\/evenements\/74628\/revisions"}],"wp:featuredmedia":[{"embeddable":true,"href":"https:\/\/ville.ddo.qc.ca\/en\/wp-json\/wp\/v2\/media\/74625"}],"wp:attachment":[{"href":"https:\/\/ville.ddo.qc.ca\/en\/wp-json\/wp\/v2\/media?parent=74628"}],"wp:term":[{"taxonomy":"categories-devenements","embeddable":true,"href":"https:\/\/ville.ddo.qc.ca\/en\/wp-json\/wp\/v2\/categories-devenements?post=74628"}],"curies":[{"name":"wp","href":"https:\/\/api.w.org\/{rel}","templated":true}]}}